{"id":1408,"date":"2012-11-21T20:56:34","date_gmt":"2012-11-21T20:56:34","guid":{"rendered":"https:\/\/cardaklije.com\/?page_id=2"},"modified":"2012-11-21T20:56:34","modified_gmt":"2012-11-21T20:56:34","slug":"nasa-prica","status":"publish","type":"page","link":"https:\/\/cardaklije.com\/en\/nasa-prica\/","title":{"rendered":"Na\u0161a pri\u010da"},"content":{"rendered":"<p><a href=\"https:\/\/cardaklije.com\/en\/wp-content\/uploads\/sites\/2\/2014\/04\/cardaklije9.jpg\" target=\"_blank\"><img fetchpriority=\"high\" decoding=\"async\" class=\"alignleft size-medium wp-image-556\" style=\"margin-left: 15px;margin-right: 15px\" title=\"Na\u0161a pri\u010da\" alt=\"\" src=\"https:\/\/cardaklije.com\/en\/wp-content\/uploads\/sites\/2\/2014\/04\/cardaklije9-300x200.jpg\" width=\"300\" height=\"200\" srcset=\"https:\/\/cardaklije.com\/en\/wp-content\/uploads\/sites\/2\/2014\/04\/cardaklije9-300x200.jpg 300w, https:\/\/cardaklije.com\/en\/wp-content\/uploads\/sites\/2\/2014\/04\/cardaklije9-768x512.jpg 768w, https:\/\/cardaklije.com\/en\/wp-content\/uploads\/sites\/2\/2014\/04\/cardaklije9.jpg 1024w\" sizes=\"(max-width: 300px) 100vw, 300px\" \/><\/a>Nedaleko od Bosanskog Petrovca, u selu Vrto\u010de, smje\u0161teno je Seosko doma\u0107instvo \u201e\u010cardaklije\u201c. Ideju o izgradnji doma\u0107instva pokrenula su bra\u0107a Zoran i Zdravko Rado\u0161evi\u0107. \u201e\u010cardaklije\u201c su staro seosko doma\u0107instvo, gdje se \u017eivi i radi onako kako su \u017eivjeli i radili preci Rado\u0161evi\u0107a prije 150 godina.<\/p>\n<p>Rado\u0161evi\u0107i, \u010dije prezime poti\u010de iz davnog 14. vijeka su starinom iz Like ispod Velebita. Pri\u010da ka\u017ee da ih je pod ju\u017ene padine Grme\u010da ispeo slijepi starac na slijepom konju, na mjesto gdje poto\u010di\u0107 Skakavac pada niz liticu i gdje im zapovijedi: \u201eOvdje ustavite, ovdje \u0107emo zaku\u0107iti.\u201c Na ovom lokalitetu , Rado\u0161evi\u0107i su proveli gotovo \u010ditav jedan vijek, a onda se raseli\u0161e po \u010ditavom podno\u017eju planine, a neki i preko planine.<\/p>\n<p>Godine 1858. jedan od trojice bra\u0107e, Ilija, odselio se od bra\u0107e, napravio neobi\u010dnu ku\u0107u, visoku i vitku, koju mje\u0161tani nazva\u0161e \u201e\u010dardak\u201c, a njene uku\u0107ane \u201e\u010cardaklije\u201c. Ilijin je sin Nikola, kada su davane tapije na posjed, za svoj \u010dardak dobio broj 10.<\/p>\n<p>Jedan od trojice Nikolinih sinova, Vid ostao je na posjedu, bavio se zemljoradnjom i sve do smrti odr\u017eavao doma\u0107instvo \u017eivim. Ku\u0107e je odavno nestalo, nestalo je Ilije, Nikole, nestalo je i pradjeda Vida, a \u201e\u010cardaklije\u201c su do danas ostale da odr\u017eavaju tradiciju i na\u010din \u017eivota svojih predaka tamo gdje ih je \u017eivot davno doveo da se \u201eUSTAVE i ZAKU\u0106E\u201c.<\/p>\n<p>Danas, Seosko doma\u0107instvo \u201e\u010cardaklije\u201c su staro doma\u0107instvo koje putniku namjerniku nudi mogu\u0107nost odmora i u\u017eivanja u tradicionalnim jelima i pi\u0107ima, u etno ambijentu. \u0160etaju\u0107i \u0161umskim putevima, daleko od gradske vreve i savremenih tehnologija, Seosko doma\u0107instvo \u201e\u010cardaklije\u201c pru\u017ea mogu\u0107nost da stresnu svakodnevnicu zamjenite za odmor i u\u017eivanje u prirodi, cvrkutu ptica, topotu konja&#8230; Naravno, za sve ljubitelje aktivnog odmora tu je mogu\u0107nost jahanja konja, vo\u017enja fijakerom, sulkama, konjskim kolima, biciklom po \u0161umskim stazama, planinarenjem. \u201e\u010cardaklije\u201c pru\u017eaju mogu\u0107nost upoznavanja sa starim, tradicionalnim zanatima poput tkanja, kovanja, vunovla\u010danja, a sve to s ciljem da se o\u017eivi tradicija i promovi\u0161e bogatstvo razli\u010ditosti ovih krajeva.<\/p>\n","protected":false},"excerpt":{"rendered":"<p>Nedaleko od Bosanskog Petrovca, u selu Vrto\u010de, smje\u0161teno je Seosko doma\u0107instvo \u201e\u010cardaklije\u201c. Ideju o izgradnji doma\u0107instva pokrenula su bra\u0107a Zoran i Zdravko Rado\u0161evi\u0107. \u201e\u010cardaklije\u201c su staro seosko doma\u0107instvo, gdje se \u017eivi i radi onako kako su \u017eivjeli i radili preci Rado\u0161evi\u0107a prije 150 godina. Rado\u0161evi\u0107i, \u010dije prezime poti\u010de iz davnog 14. vijeka su starinom iz [&hellip;]<\/p>\n","protected":false},"author":1,"featured_media":0,"parent":0,"menu_order":2,"comment_status":"closed","ping_status":"closed","template":"","meta":{"footnotes":""},"class_list":["post-1408","page","type-page","status-publish","hentry"],"yoast_head":"<!-- This site is optimized with the Yoast SEO plugin v26.2 - https:\/\/yoast.com\/wordpress\/plugins\/seo\/ -->\n<title>Na\u0161a pri\u010da - Cardaklije<\/title>\n<meta name=\"robots\" content=\"index, follow, max-snippet:-1, max-image-preview:large, max-video-preview:-1\" \/>\n<link rel=\"canonical\" href=\"https:\/\/cardaklije.com\/en\/nasa-prica\/\" \/>\n<meta property=\"og:locale\" content=\"en_US\" \/>\n<meta property=\"og:type\" content=\"article\" \/>\n<meta property=\"og:title\" content=\"Na\u0161a pri\u010da - Cardaklije\" \/>\n<meta property=\"og:description\" content=\"Nedaleko od Bosanskog Petrovca, u selu Vrto\u010de, smje\u0161teno je Seosko doma\u0107instvo \u201e\u010cardaklije\u201c. Ideju o izgradnji doma\u0107instva pokrenula su bra\u0107a Zoran i Zdravko Rado\u0161evi\u0107. \u201e\u010cardaklije\u201c su staro seosko doma\u0107instvo, gdje se \u017eivi i radi onako kako su \u017eivjeli i radili preci Rado\u0161evi\u0107a prije 150 godina. Rado\u0161evi\u0107i, \u010dije prezime poti\u010de iz davnog 14. vijeka su starinom iz [&hellip;]\" \/>\n<meta property=\"og:url\" content=\"https:\/\/cardaklije.com\/en\/nasa-prica\/\" \/>\n<meta property=\"og:site_name\" content=\"Cardaklije\" \/>\n<meta property=\"og:image\" content=\"https:\/\/cardaklije.com\/en\/wp-content\/uploads\/sites\/2\/2014\/04\/cardaklije9-300x200.jpg\" \/>\n<meta name=\"twitter:card\" content=\"summary_large_image\" \/>\n<meta name=\"twitter:label1\" content=\"Est. reading time\" \/>\n\t<meta name=\"twitter:data1\" content=\"2 minutes\" \/>\n<script type=\"application\/ld+json\" class=\"yoast-schema-graph\">{\"@context\":\"https:\/\/schema.org\",\"@graph\":[{\"@type\":\"WebPage\",\"@id\":\"https:\/\/cardaklije.com\/en\/nasa-prica\/\",\"url\":\"https:\/\/cardaklije.com\/en\/nasa-prica\/\",\"name\":\"Na\u0161a pri\u010da - Cardaklije\",\"isPartOf\":{\"@id\":\"https:\/\/cardaklije.com\/en\/#website\"},\"primaryImageOfPage\":{\"@id\":\"https:\/\/cardaklije.com\/en\/nasa-prica\/#primaryimage\"},\"image\":{\"@id\":\"https:\/\/cardaklije.com\/en\/nasa-prica\/#primaryimage\"},\"thumbnailUrl\":\"https:\/\/cardaklije.com\/en\/wp-content\/uploads\/sites\/2\/2014\/04\/cardaklije9-300x200.jpg\",\"datePublished\":\"2012-11-21T20:56:34+00:00\",\"breadcrumb\":{\"@id\":\"https:\/\/cardaklije.com\/en\/nasa-prica\/#breadcrumb\"},\"inLanguage\":\"en-US\",\"potentialAction\":[{\"@type\":\"ReadAction\",\"target\":[\"https:\/\/cardaklije.com\/en\/nasa-prica\/\"]}]},{\"@type\":\"ImageObject\",\"inLanguage\":\"en-US\",\"@id\":\"https:\/\/cardaklije.com\/en\/nasa-prica\/#primaryimage\",\"url\":\"https:\/\/cardaklije.com\/en\/wp-content\/uploads\/sites\/2\/2014\/04\/cardaklije9.jpg\",\"contentUrl\":\"https:\/\/cardaklije.com\/en\/wp-content\/uploads\/sites\/2\/2014\/04\/cardaklije9.jpg\",\"width\":1024,\"height\":683},{\"@type\":\"BreadcrumbList\",\"@id\":\"https:\/\/cardaklije.com\/en\/nasa-prica\/#breadcrumb\",\"itemListElement\":[{\"@type\":\"ListItem\",\"position\":1,\"name\":\"Home\",\"item\":\"https:\/\/cardaklije.com\/en\/\"},{\"@type\":\"ListItem\",\"position\":2,\"name\":\"Na\u0161a pri\u010da\"}]},{\"@type\":\"WebSite\",\"@id\":\"https:\/\/cardaklije.com\/en\/#website\",\"url\":\"https:\/\/cardaklije.com\/en\/\",\"name\":\"Cardaklije\",\"description\":\"ETHNO VILLAGE Bosnia and Herzegovina\",\"publisher\":{\"@id\":\"https:\/\/cardaklije.com\/en\/#organization\"},\"potentialAction\":[{\"@type\":\"SearchAction\",\"target\":{\"@type\":\"EntryPoint\",\"urlTemplate\":\"https:\/\/cardaklije.com\/en\/?s={search_term_string}\"},\"query-input\":{\"@type\":\"PropertyValueSpecification\",\"valueRequired\":true,\"valueName\":\"search_term_string\"}}],\"inLanguage\":\"en-US\"},{\"@type\":\"Organization\",\"@id\":\"https:\/\/cardaklije.com\/en\/#organization\",\"name\":\"Cardaklije\",\"url\":\"https:\/\/cardaklije.com\/en\/\",\"logo\":{\"@type\":\"ImageObject\",\"inLanguage\":\"en-US\",\"@id\":\"https:\/\/cardaklije.com\/en\/#\/schema\/logo\/image\/\",\"url\":\"https:\/\/cardaklije.com\/en\/wp-content\/uploads\/sites\/2\/2022\/02\/cropped-cardaklije_logo.png\",\"contentUrl\":\"https:\/\/cardaklije.com\/en\/wp-content\/uploads\/sites\/2\/2022\/02\/cropped-cardaklije_logo.png\",\"width\":882,\"height\":498,\"caption\":\"Cardaklije\"},\"image\":{\"@id\":\"https:\/\/cardaklije.com\/en\/#\/schema\/logo\/image\/\"}}]}<\/script>\n<!-- \/ Yoast SEO plugin. -->","yoast_head_json":{"title":"Na\u0161a pri\u010da - Cardaklije","robots":{"index":"index","follow":"follow","max-snippet":"max-snippet:-1","max-image-preview":"max-image-preview:large","max-video-preview":"max-video-preview:-1"},"canonical":"https:\/\/cardaklije.com\/en\/nasa-prica\/","og_locale":"en_US","og_type":"article","og_title":"Na\u0161a pri\u010da - Cardaklije","og_description":"Nedaleko od Bosanskog Petrovca, u selu Vrto\u010de, smje\u0161teno je Seosko doma\u0107instvo \u201e\u010cardaklije\u201c. Ideju o izgradnji doma\u0107instva pokrenula su bra\u0107a Zoran i Zdravko Rado\u0161evi\u0107. \u201e\u010cardaklije\u201c su staro seosko doma\u0107instvo, gdje se \u017eivi i radi onako kako su \u017eivjeli i radili preci Rado\u0161evi\u0107a prije 150 godina. Rado\u0161evi\u0107i, \u010dije prezime poti\u010de iz davnog 14. vijeka su starinom iz [&hellip;]","og_url":"https:\/\/cardaklije.com\/en\/nasa-prica\/","og_site_name":"Cardaklije","og_image":[{"url":"https:\/\/cardaklije.com\/en\/wp-content\/uploads\/sites\/2\/2014\/04\/cardaklije9-300x200.jpg","type":"","width":"","height":""}],"twitter_card":"summary_large_image","twitter_misc":{"Est. reading time":"2 minutes"},"schema":{"@context":"https:\/\/schema.org","@graph":[{"@type":"WebPage","@id":"https:\/\/cardaklije.com\/en\/nasa-prica\/","url":"https:\/\/cardaklije.com\/en\/nasa-prica\/","name":"Na\u0161a pri\u010da - Cardaklije","isPartOf":{"@id":"https:\/\/cardaklije.com\/en\/#website"},"primaryImageOfPage":{"@id":"https:\/\/cardaklije.com\/en\/nasa-prica\/#primaryimage"},"image":{"@id":"https:\/\/cardaklije.com\/en\/nasa-prica\/#primaryimage"},"thumbnailUrl":"https:\/\/cardaklije.com\/en\/wp-content\/uploads\/sites\/2\/2014\/04\/cardaklije9-300x200.jpg","datePublished":"2012-11-21T20:56:34+00:00","breadcrumb":{"@id":"https:\/\/cardaklije.com\/en\/nasa-prica\/#breadcrumb"},"inLanguage":"en-US","potentialAction":[{"@type":"ReadAction","target":["https:\/\/cardaklije.com\/en\/nasa-prica\/"]}]},{"@type":"ImageObject","inLanguage":"en-US","@id":"https:\/\/cardaklije.com\/en\/nasa-prica\/#primaryimage","url":"https:\/\/cardaklije.com\/en\/wp-content\/uploads\/sites\/2\/2014\/04\/cardaklije9.jpg","contentUrl":"https:\/\/cardaklije.com\/en\/wp-content\/uploads\/sites\/2\/2014\/04\/cardaklije9.jpg","width":1024,"height":683},{"@type":"BreadcrumbList","@id":"https:\/\/cardaklije.com\/en\/nasa-prica\/#breadcrumb","itemListElement":[{"@type":"ListItem","position":1,"name":"Home","item":"https:\/\/cardaklije.com\/en\/"},{"@type":"ListItem","position":2,"name":"Na\u0161a pri\u010da"}]},{"@type":"WebSite","@id":"https:\/\/cardaklije.com\/en\/#website","url":"https:\/\/cardaklije.com\/en\/","name":"Cardaklije","description":"ETHNO VILLAGE Bosnia and Herzegovina","publisher":{"@id":"https:\/\/cardaklije.com\/en\/#organization"},"potentialAction":[{"@type":"SearchAction","target":{"@type":"EntryPoint","urlTemplate":"https:\/\/cardaklije.com\/en\/?s={search_term_string}"},"query-input":{"@type":"PropertyValueSpecification","valueRequired":true,"valueName":"search_term_string"}}],"inLanguage":"en-US"},{"@type":"Organization","@id":"https:\/\/cardaklije.com\/en\/#organization","name":"Cardaklije","url":"https:\/\/cardaklije.com\/en\/","logo":{"@type":"ImageObject","inLanguage":"en-US","@id":"https:\/\/cardaklije.com\/en\/#\/schema\/logo\/image\/","url":"https:\/\/cardaklije.com\/en\/wp-content\/uploads\/sites\/2\/2022\/02\/cropped-cardaklije_logo.png","contentUrl":"https:\/\/cardaklije.com\/en\/wp-content\/uploads\/sites\/2\/2022\/02\/cropped-cardaklije_logo.png","width":882,"height":498,"caption":"Cardaklije"},"image":{"@id":"https:\/\/cardaklije.com\/en\/#\/schema\/logo\/image\/"}}]}},"_links":{"self":[{"href":"https:\/\/cardaklije.com\/en\/wp-json\/wp\/v2\/pages\/1408","targetHints":{"allow":["GET"]}}],"collection":[{"href":"https:\/\/cardaklije.com\/en\/wp-json\/wp\/v2\/pages"}],"about":[{"href":"https:\/\/cardaklije.com\/en\/wp-json\/wp\/v2\/types\/page"}],"author":[{"embeddable":true,"href":"https:\/\/cardaklije.com\/en\/wp-json\/wp\/v2\/users\/1"}],"replies":[{"embeddable":true,"href":"https:\/\/cardaklije.com\/en\/wp-json\/wp\/v2\/comments?post=1408"}],"version-history":[{"count":0,"href":"https:\/\/cardaklije.com\/en\/wp-json\/wp\/v2\/pages\/1408\/revisions"}],"wp:attachment":[{"href":"https:\/\/cardaklije.com\/en\/wp-json\/wp\/v2\/media?parent=1408"}],"curies":[{"name":"wp","href":"https:\/\/api.w.org\/{rel}","templated":true}]}}